{"id":1237,"date":"2024-03-21T15:51:23","date_gmt":"2024-03-21T15:51:23","guid":{"rendered":"https:\/\/birkheim-ischgl.at\/birkheim-ischgl\/"},"modified":"2026-04-28T06:46:45","modified_gmt":"2026-04-28T06:46:45","slug":"birkheim-ischgl","status":"publish","type":"page","link":"https:\/\/birkheim-ischgl.at\/en\/","title":{"rendered":"Birkheim Ischgl"},"content":{"rendered":"\t\t<div data-elementor-type=\"wp-page\" data-elementor-id=\"1237\" class=\"elementor elementor-1237 elementor-2\" data-elementor-post-type=\"page\">\n\t\t\t\t<div class=\"elementor-element elementor-element-c4b49b6 e-con-full e-flex e-con e-parent\" data-id=\"c4b49b6\" data-element_type=\"container\" data-e-type=\"container\">\n\t\t<div class=\"elementor-element elementor-element-6e23a10 e-con-full e-flex e-con e-child\" data-id=\"6e23a10\" data-element_type=\"container\" data-e-type=\"container\">\n\t\t\t\t<div class=\"elementor-element elementor-element-c7ea0dd hero-bild elementor-widget elementor-widget-image\" data-id=\"c7ea0dd\" data-element_type=\"widget\" data-e-type=\"widget\" data-widget_type=\"image.default\">\n\t\t\t\t<div class=\"elementor-widget-container\">\n\t\t\t\t\t\t\t\t\t\t\t\t\t\t\t<img fetchpriority=\"high\" decoding=\"async\" width=\"2000\" height=\"1125\" src=\"https:\/\/birkheim-ischgl.at\/wp-content\/uploads\/2024\/04\/Birkheim_Apartments_Aussenaufnahmen_004-2000x1333-1.jpg\" class=\"attachment-full size-full wp-image-1079\" alt=\"\" srcset=\"https:\/\/birkheim-ischgl.at\/wp-content\/uploads\/2024\/04\/Birkheim_Apartments_Aussenaufnahmen_004-2000x1333-1.jpg 2000w, https:\/\/birkheim-ischgl.at\/wp-content\/uploads\/2024\/04\/Birkheim_Apartments_Aussenaufnahmen_004-2000x1333-1-300x169.jpg 300w, https:\/\/birkheim-ischgl.at\/wp-content\/uploads\/2024\/04\/Birkheim_Apartments_Aussenaufnahmen_004-2000x1333-1-1024x576.jpg 1024w, https:\/\/birkheim-ischgl.at\/wp-content\/uploads\/2024\/04\/Birkheim_Apartments_Aussenaufnahmen_004-2000x1333-1-768x432.jpg 768w, https:\/\/birkheim-ischgl.at\/wp-content\/uploads\/2024\/04\/Birkheim_Apartments_Aussenaufnahmen_004-2000x1333-1-1536x864.jpg 1536w\" sizes=\"(max-width: 2000px) 100vw, 2000px\" \/>\t\t\t\t\t\t\t\t\t\t\t\t\t\t\t<\/div>\n\t\t\t\t<\/div>\n\t\t\t\t<\/div>\n\t\t<div class=\"elementor-element elementor-element-2b7f6bb e-con-full hero-blatt elementor-hidden-desktop elementor-hidden-laptop elementor-hidden-tablet_extra elementor-hidden-tablet elementor-hidden-mobile_extra elementor-hidden-mobile e-flex e-con e-child\" data-id=\"2b7f6bb\" data-element_type=\"container\" data-e-type=\"container\" data-settings=\"{&quot;position&quot;:&quot;absolute&quot;}\">\n\t\t\t\t<div class=\"elementor-element elementor-element-2a53299 animated-slow elementor-invisible elementor-widget elementor-widget-heading\" data-id=\"2a53299\" data-element_type=\"widget\" data-e-type=\"widget\" data-settings=\"{&quot;_animation&quot;:&quot;fadeIn&quot;}\" data-widget_type=\"heading.default\">\n\t\t\t\t<div class=\"elementor-widget-container\">\n\t\t\t\t\t<h2 class=\"elementor-heading-title elementor-size-default\">Silvretta Card <\/br>Premium<\/h2>\t\t\t\t<\/div>\n\t\t\t\t<\/div>\n\t\t\t\t<div class=\"elementor-element elementor-element-344af74 animated-slow elementor-invisible elementor-widget elementor-widget-heading\" data-id=\"344af74\" data-element_type=\"widget\" data-e-type=\"widget\" data-settings=\"{&quot;_animation&quot;:&quot;fadeIn&quot;}\" data-widget_type=\"heading.default\">\n\t\t\t\t<div class=\"elementor-widget-container\">\n\t\t\t\t\t<h2 class=\"elementor-heading-title elementor-size-default\">Included for all guests<\/h2>\t\t\t\t<\/div>\n\t\t\t\t<\/div>\n\t\t\t\t<div class=\"elementor-element elementor-element-f0ec72e buttoneffekt animated-slow elementor-invisible elementor-widget elementor-widget-button\" data-id=\"f0ec72e\" data-element_type=\"widget\" data-e-type=\"widget\" data-settings=\"{&quot;_animation&quot;:&quot;fadeInUp&quot;,&quot;_animation_delay&quot;:900}\" data-widget_type=\"button.default\">\n\t\t\t\t<div class=\"elementor-widget-container\">\n\t\t\t\t\t\t\t\t\t<div class=\"elementor-button-wrapper\">\n\t\t\t\t\t<a class=\"elementor-button elementor-button-link elementor-size-sm\" href=\"https:\/\/birkheim-ischgl.at\/en\/summer\/#silvrettacard\">\n\t\t\t\t\t\t<span class=\"elementor-button-content-wrapper\">\n\t\t\t\t\t\t\t\t\t<span class=\"elementor-button-text\">More info<\/span>\n\t\t\t\t\t<\/span>\n\t\t\t\t\t<\/a>\n\t\t\t\t<\/div>\n\t\t\t\t\t\t\t\t<\/div>\n\t\t\t\t<\/div>\n\t\t\t\t<\/div>\n\t\t<div class=\"elementor-element elementor-element-a66b189 e-con-full hero-blatt e-flex e-con e-child\" data-id=\"a66b189\" data-element_type=\"container\" data-e-type=\"container\" data-settings=\"{&quot;position&quot;:&quot;absolute&quot;}\">\n\t\t\t\t<div class=\"elementor-element elementor-element-f3a2931 animated-slow elementor-invisible elementor-widget elementor-widget-heading\" data-id=\"f3a2931\" data-element_type=\"widget\" data-e-type=\"widget\" data-settings=\"{&quot;_animation&quot;:&quot;fadeIn&quot;}\" data-widget_type=\"heading.default\">\n\t\t\t\t<div class=\"elementor-widget-container\">\n\t\t\t\t\t<h2 class=\"elementor-heading-title elementor-size-default\">Ski depot<\/br> inclusive!<\/h2>\t\t\t\t<\/div>\n\t\t\t\t<\/div>\n\t\t\t\t<div class=\"elementor-element elementor-element-1025568 animated-slow elementor-invisible elementor-widget elementor-widget-heading\" data-id=\"1025568\" data-element_type=\"widget\" data-e-type=\"widget\" data-settings=\"{&quot;_animation&quot;:&quot;fadeIn&quot;}\" data-widget_type=\"heading.default\">\n\t\t\t\t<div class=\"elementor-widget-container\">\n\t\t\t\t\t<h2 class=\"elementor-heading-title elementor-size-default\">in the valley station <\/br>of the Pardatschgratbahn<\/h2>\t\t\t\t<\/div>\n\t\t\t\t<\/div>\n\t\t\t\t<div class=\"elementor-element elementor-element-1de9c3f buttoneffekt animated-slow elementor-invisible elementor-widget elementor-widget-button\" data-id=\"1de9c3f\" data-element_type=\"widget\" data-e-type=\"widget\" data-settings=\"{&quot;_animation&quot;:&quot;fadeInUp&quot;,&quot;_animation_delay&quot;:900}\" data-widget_type=\"button.default\">\n\t\t\t\t<div class=\"elementor-widget-container\">\n\t\t\t\t\t\t\t\t\t<div class=\"elementor-button-wrapper\">\n\t\t\t\t\t<a class=\"elementor-button elementor-button-link elementor-size-sm\" href=\"https:\/\/silvrettasports.com\/en\/depot\/\" target=\"_blank\">\n\t\t\t\t\t\t<span class=\"elementor-button-content-wrapper\">\n\t\t\t\t\t\t\t\t\t<span class=\"elementor-button-text\">More Info<\/span>\n\t\t\t\t\t<\/span>\n\t\t\t\t\t<\/a>\n\t\t\t\t<\/div>\n\t\t\t\t\t\t\t\t<\/div>\n\t\t\t\t<\/div>\n\t\t\t\t<\/div>\n\t\t\t\t<\/div>\n\t\t<div class=\"elementor-element elementor-element-c6af19e e-flex e-con-boxed e-con e-parent\" data-id=\"c6af19e\" data-element_type=\"container\" data-e-type=\"container\">\n\t\t\t\t\t<div class=\"e-con-inner\">\n\t\t<div class=\"elementor-element elementor-element-d81ed1e e-con-full e-flex e-con e-child\" data-id=\"d81ed1e\" data-element_type=\"container\" data-e-type=\"container\" data-settings=\"{&quot;background_background&quot;:&quot;classic&quot;}\">\n\t\t<div class=\"elementor-element elementor-element-ef1dfc9 e-con-full e-flex e-con e-child\" data-id=\"ef1dfc9\" data-element_type=\"container\" data-e-type=\"container\" data-settings=\"{&quot;background_background&quot;:&quot;classic&quot;}\">\n\t\t\t\t<div class=\"elementor-element elementor-element-a62f9e4 elementor-widget elementor-widget-heading\" data-id=\"a62f9e4\" data-element_type=\"widget\" data-e-type=\"widget\" data-widget_type=\"heading.default\">\n\t\t\t\t<div class=\"elementor-widget-container\">\n\t\t\t\t\t<h2 class=\"elementor-heading-title elementor-size-default\">Welcome<\/h2>\t\t\t\t<\/div>\n\t\t\t\t<\/div>\n\t\t\t\t<div class=\"elementor-element elementor-element-ed4daa4 heading-blatt elementor-widget__width-auto elementor-widget elementor-widget-heading\" data-id=\"ed4daa4\" data-element_type=\"widget\" data-e-type=\"widget\" data-widget_type=\"heading.default\">\n\t\t\t\t<div class=\"elementor-widget-container\">\n\t\t\t\t\t<h1 class=\"elementor-heading-title elementor-size-default\">to Birkheim in<\/br>Ischgl | Paznaun<\/h1>\t\t\t\t<\/div>\n\t\t\t\t<\/div>\n\t\t\t\t<\/div>\n\t\t<div class=\"elementor-element elementor-element-9d87339 e-con-full e-flex e-con e-child\" data-id=\"9d87339\" data-element_type=\"container\" data-e-type=\"container\" data-settings=\"{&quot;background_background&quot;:&quot;classic&quot;}\">\n\t\t\t\t<div class=\"elementor-element elementor-element-66421e2 deeplinks elementor-widget elementor-widget-text-editor\" data-id=\"66421e2\" data-element_type=\"widget\" data-e-type=\"widget\" data-widget_type=\"text-editor.default\">\n\t\t\t\t<div class=\"elementor-widget-container\">\n\t\t\t\t\t\t\t\t\t<p>In the heart of <strong>Tyrol\u2019s breathtaking mountain landscape<\/strong>, in a quiet location and only 100 m from the ski bus stop, our family-run Birkheim accommodation provides the perfect retreat for anyone looking to relax or experience new adventures.<\/p>\n<p>Whether you want to explore the <a href=\"https:\/\/birkheim-ischgl.at\/en\/winter\/\"><strong>superb slopes<\/strong> <\/a>in winter or discover some of the amazing <a href=\"https:\/\/birkheim-ischgl.at\/en\/summer\/\"><strong>hiking trails<\/strong><\/a> in summer, our hotel is the perfect starting point for your vacation adventures.<\/p>\n<p>Enjoy the warm hospitality, comfortable accommodation, and an authentic ambiance that will make your stay with us unforgettable.<\/p>\n<p>We look forward to welcoming you as our guests soon.<\/p>\n<p><strong>The Walser-Tschiderer family<\/strong><\/p>\n\t\t\t\t\t\t\t\t<\/div>\n\t\t\t\t<\/div>\n\t\t\t\t<\/div>\n\t\t\t\t<\/div>\n\t\t<div class=\"elementor-element elementor-element-c8ad901 e-con-full e-flex e-con e-child\" data-id=\"c8ad901\" data-element_type=\"container\" data-e-type=\"container\" data-settings=\"{&quot;background_background&quot;:&quot;classic&quot;}\">\n\t\t\t\t<div class=\"elementor-element elementor-element-710aaec elementor-widget__width-auto animated-slow elementor-invisible elementor-widget elementor-widget-image\" data-id=\"710aaec\" data-element_type=\"widget\" data-e-type=\"widget\" data-settings=\"{&quot;_animation&quot;:&quot;fadeIn&quot;}\" data-widget_type=\"image.default\">\n\t\t\t\t<div class=\"elementor-widget-container\">\n\t\t\t\t\t\t\t\t\t\t\t\t\t\t\t<img decoding=\"async\" width=\"600\" height=\"900\" src=\"https:\/\/birkheim-ischgl.at\/wp-content\/uploads\/2024\/04\/Bike_Paradise_Ischgl-80.jpg\" class=\"attachment-large size-large wp-image-1089\" alt=\"\" srcset=\"https:\/\/birkheim-ischgl.at\/wp-content\/uploads\/2024\/04\/Bike_Paradise_Ischgl-80.jpg 600w, https:\/\/birkheim-ischgl.at\/wp-content\/uploads\/2024\/04\/Bike_Paradise_Ischgl-80-200x300.jpg 200w\" sizes=\"(max-width: 600px) 100vw, 600px\" \/>\t\t\t\t\t\t\t\t\t\t\t\t\t\t\t<\/div>\n\t\t\t\t<\/div>\n\t\t\t\t<\/div>\n\t\t\t\t\t<\/div>\n\t\t\t\t<\/div>\n\t\t<div class=\"elementor-element elementor-element-4ec129d e-con-full e-flex e-con e-parent\" data-id=\"4ec129d\" data-element_type=\"container\" data-e-type=\"container\" data-settings=\"{&quot;background_background&quot;:&quot;classic&quot;}\">\n\t\t<div class=\"elementor-element elementor-element-f7cc2b6 e-con-full e-flex e-con e-child\" data-id=\"f7cc2b6\" data-element_type=\"container\" data-e-type=\"container\" data-settings=\"{&quot;background_background&quot;:&quot;classic&quot;}\">\n\t\t<div class=\"elementor-element elementor-element-33ea551 e-flex e-con-boxed e-con e-child\" data-id=\"33ea551\" data-element_type=\"container\" data-e-type=\"container\">\n\t\t\t\t\t<div class=\"e-con-inner\">\n\t\t\t\t<div class=\"elementor-element elementor-element-d1534da elementor-widget elementor-widget-heading\" data-id=\"d1534da\" data-element_type=\"widget\" data-e-type=\"widget\" data-widget_type=\"heading.default\">\n\t\t\t\t<div class=\"elementor-widget-container\">\n\t\t\t\t\t<h2 class=\"elementor-heading-title elementor-size-default\">Rooms and <\/br>apartments<\/h2>\t\t\t\t<\/div>\n\t\t\t\t<\/div>\n\t\t\t\t<div class=\"elementor-element elementor-element-56c53f9 elementor-widget elementor-widget-text-editor\" data-id=\"56c53f9\" data-element_type=\"widget\" data-e-type=\"widget\" data-widget_type=\"text-editor.default\">\n\t\t\t\t<div class=\"elementor-widget-container\">\n\t\t\t\t\t\t\t\t\t<p>We have something for everyone, from <strong>cozy double rooms<\/strong> to convenient <strong>shared rooms with multiple beds<\/strong> and spacious <strong>apartments<\/strong> for up to 8 people. All our accommodations are lovingly furnished and include numerous amenities and inclusive services.<\/p>\n<p>We are sure that you will be impressed with our offer and find the perfect accommodation for your <strong>dream vacation in Ischgl<\/strong>.<\/p>\n\t\t\t\t\t\t\t\t<\/div>\n\t\t\t\t<\/div>\n\t\t<div class=\"elementor-element elementor-element-141d655 e-con-full e-flex e-con e-child\" data-id=\"141d655\" data-element_type=\"container\" data-e-type=\"container\">\n\t\t\t\t<div class=\"elementor-element elementor-element-fab40e4 buttoneffekt animated-slow elementor-invisible elementor-widget elementor-widget-button\" data-id=\"fab40e4\" data-element_type=\"widget\" data-e-type=\"widget\" data-settings=\"{&quot;_animation&quot;:&quot;fadeInUp&quot;,&quot;_animation_delay&quot;:500}\" data-widget_type=\"button.default\">\n\t\t\t\t<div class=\"elementor-widget-container\">\n\t\t\t\t\t\t\t\t\t<div class=\"elementor-button-wrapper\">\n\t\t\t\t\t<a class=\"elementor-button elementor-button-link elementor-size-sm\" href=\"https:\/\/birkheim-ischgl.at\/en\/rooms-and-apartments\/\">\n\t\t\t\t\t\t<span class=\"elementor-button-content-wrapper\">\n\t\t\t\t\t\t\t\t\t<span class=\"elementor-button-text\">Rooms and apartments<\/span>\n\t\t\t\t\t<\/span>\n\t\t\t\t\t<\/a>\n\t\t\t\t<\/div>\n\t\t\t\t\t\t\t\t<\/div>\n\t\t\t\t<\/div>\n\t\t\t\t<div class=\"elementor-element elementor-element-e7728f8 buttoneffekt animated-slow elementor-invisible elementor-widget elementor-widget-button\" data-id=\"e7728f8\" data-element_type=\"widget\" data-e-type=\"widget\" data-settings=\"{&quot;_animation&quot;:&quot;fadeInUp&quot;,&quot;_animation_delay&quot;:800}\" data-widget_type=\"button.default\">\n\t\t\t\t<div class=\"elementor-widget-container\">\n\t\t\t\t\t\t\t\t\t<div class=\"elementor-button-wrapper\">\n\t\t\t\t\t<a class=\"elementor-button elementor-button-link elementor-size-sm\" href=\"https:\/\/birkheim-ischgl.at\/en\/rooms-and-apartments\/#inklusivleistungen\">\n\t\t\t\t\t\t<span class=\"elementor-button-content-wrapper\">\n\t\t\t\t\t\t\t\t\t<span class=\"elementor-button-text\">Included amenities<\/span>\n\t\t\t\t\t<\/span>\n\t\t\t\t\t<\/a>\n\t\t\t\t<\/div>\n\t\t\t\t\t\t\t\t<\/div>\n\t\t\t\t<\/div>\n\t\t\t\t<\/div>\n\t\t\t\t\t<\/div>\n\t\t\t\t<\/div>\n\t\t\t\t<\/div>\n\t\t<div class=\"elementor-element elementor-element-f8df8b8 e-con-full e-flex e-con e-child\" data-id=\"f8df8b8\" data-element_type=\"container\" data-e-type=\"container\" data-settings=\"{&quot;background_background&quot;:&quot;slideshow&quot;,&quot;background_slideshow_gallery&quot;:[{&quot;id&quot;:1092,&quot;url&quot;:&quot;https:\\\/\\\/birkheim-ischgl.at\\\/wp-content\\\/uploads\\\/2024\\\/04\\\/Birkheim_Apartments_299.jpg&quot;},{&quot;id&quot;:1091,&quot;url&quot;:&quot;https:\\\/\\\/birkheim-ischgl.at\\\/wp-content\\\/uploads\\\/2024\\\/04\\\/Birkheim_Apartments_231.jpg&quot;},{&quot;id&quot;:1090,&quot;url&quot;:&quot;https:\\\/\\\/birkheim-ischgl.at\\\/wp-content\\\/uploads\\\/2024\\\/04\\\/Birkheim_Apartments_126.jpg&quot;}],&quot;background_slideshow_slide_duration&quot;:8000,&quot;background_slideshow_loop&quot;:&quot;yes&quot;,&quot;background_slideshow_slide_transition&quot;:&quot;fade&quot;,&quot;background_slideshow_transition_duration&quot;:500}\">\n\t\t\t\t<\/div>\n\t\t\t\t<\/div>\n\t\t<div class=\"elementor-element elementor-element-99edcdf e-con-full e-flex e-con e-parent\" data-id=\"99edcdf\" data-element_type=\"container\" data-e-type=\"container\" data-settings=\"{&quot;background_background&quot;:&quot;classic&quot;}\">\n\t\t<div class=\"elementor-element elementor-element-bf5b767 e-con-full e-flex e-con e-child\" data-id=\"bf5b767\" data-element_type=\"container\" data-e-type=\"container\">\n\t\t<div class=\"elementor-element elementor-element-5e18fab e-flex e-con-boxed e-con e-child\" data-id=\"5e18fab\" data-element_type=\"container\" data-e-type=\"container\">\n\t\t\t\t\t<div class=\"e-con-inner\">\n\t\t\t\t<div class=\"elementor-element elementor-element-37a9f49 elementor-widget elementor-widget-heading\" data-id=\"37a9f49\" data-element_type=\"widget\" data-e-type=\"widget\" data-widget_type=\"heading.default\">\n\t\t\t\t<div class=\"elementor-widget-container\">\n\t\t\t\t\t<h2 class=\"elementor-heading-title elementor-size-default\">The perfect start to your day<\/h2>\t\t\t\t<\/div>\n\t\t\t\t<\/div>\n\t\t\t\t<div class=\"elementor-element elementor-element-9baa96e elementor-widget elementor-widget-text-editor\" data-id=\"9baa96e\" data-element_type=\"widget\" data-e-type=\"widget\" data-widget_type=\"text-editor.default\">\n\t\t\t\t<div class=\"elementor-widget-container\">\n\t\t\t\t\t\t\t\t\t<p>Start your day with a smile!<br \/>Breakfast in our modern, cozy breakfast room is <strong>included<\/strong> for all <strong>guests in our rooms<\/strong>. Guests in our <strong>apartments<\/strong> can add the delicious <strong>breakfast for \u20ac18.00 per person per day<\/strong> and start the day together with us or have bread rolls delivered fresh to their door every day.<\/p>\n\t\t\t\t\t\t\t\t<\/div>\n\t\t\t\t<\/div>\n\t\t\t\t<div class=\"elementor-element elementor-element-9f6de74 buttoneffekt elementor-align-left animated-slow elementor-invisible elementor-widget elementor-widget-button\" data-id=\"9f6de74\" data-element_type=\"widget\" data-e-type=\"widget\" data-settings=\"{&quot;_animation&quot;:&quot;fadeInUp&quot;,&quot;_animation_delay&quot;:500}\" data-widget_type=\"button.default\">\n\t\t\t\t<div class=\"elementor-widget-container\">\n\t\t\t\t\t\t\t\t\t<div class=\"elementor-button-wrapper\">\n\t\t\t\t\t<a class=\"elementor-button elementor-button-link elementor-size-sm\" href=\"https:\/\/birkheim-ischgl.at\/en\/bread-roll-service-breakfast\/\">\n\t\t\t\t\t\t<span class=\"elementor-button-content-wrapper\">\n\t\t\t\t\t\t\t\t\t<span class=\"elementor-button-text\">Breakfast &amp; bread roll service<\/span>\n\t\t\t\t\t<\/span>\n\t\t\t\t\t<\/a>\n\t\t\t\t<\/div>\n\t\t\t\t\t\t\t\t<\/div>\n\t\t\t\t<\/div>\n\t\t\t\t\t<\/div>\n\t\t\t\t<\/div>\n\t\t<div class=\"elementor-element elementor-element-f71286f e-flex e-con-boxed e-con e-child\" data-id=\"f71286f\" data-element_type=\"container\" data-e-type=\"container\">\n\t\t\t\t\t<div class=\"e-con-inner\">\n\t\t<div class=\"elementor-element elementor-element-24c072f e-con-full e-flex e-con e-child\" data-id=\"24c072f\" data-element_type=\"container\" data-e-type=\"container\">\n\t\t\t\t<div class=\"elementor-element elementor-element-bd6357f elementor-widget__width-auto elementor-absolute animated-slow elementor-invisible elementor-widget elementor-widget-image\" data-id=\"bd6357f\" data-element_type=\"widget\" data-e-type=\"widget\" data-settings=\"{&quot;_position&quot;:&quot;absolute&quot;,&quot;_animation&quot;:&quot;fadeIn&quot;,&quot;_animation_delay&quot;:1000}\" data-widget_type=\"image.default\">\n\t\t\t\t<div class=\"elementor-widget-container\">\n\t\t\t\t\t\t\t\t\t\t\t\t\t\t\t<img decoding=\"async\" width=\"214\" height=\"214\" src=\"https:\/\/birkheim-ischgl.at\/wp-content\/uploads\/2024\/07\/Bikrheim-Ischgl-Morgen-Button-EN-1.png\" class=\"attachment-full size-full wp-image-1099\" alt=\"\" srcset=\"https:\/\/birkheim-ischgl.at\/wp-content\/uploads\/2024\/07\/Bikrheim-Ischgl-Morgen-Button-EN-1.png 214w, https:\/\/birkheim-ischgl.at\/wp-content\/uploads\/2024\/07\/Bikrheim-Ischgl-Morgen-Button-EN-1-150x150.png 150w\" sizes=\"(max-width: 214px) 100vw, 214px\" \/>\t\t\t\t\t\t\t\t\t\t\t\t\t\t\t<\/div>\n\t\t\t\t<\/div>\n\t\t\t\t<div class=\"elementor-element elementor-element-854e332 elementor-widget elementor-widget-image\" data-id=\"854e332\" data-element_type=\"widget\" data-e-type=\"widget\" data-widget_type=\"image.default\">\n\t\t\t\t<div class=\"elementor-widget-container\">\n\t\t\t\t\t\t\t\t\t\t\t\t\t\t\t<img loading=\"lazy\" decoding=\"async\" width=\"400\" height=\"600\" src=\"https:\/\/birkheim-ischgl.at\/wp-content\/uploads\/2024\/04\/Birkheim_Apartments_ISchgl-Fruehstueck-063.jpg\" class=\"attachment-full size-full wp-image-1098\" alt=\"\" srcset=\"https:\/\/birkheim-ischgl.at\/wp-content\/uploads\/2024\/04\/Birkheim_Apartments_ISchgl-Fruehstueck-063.jpg 400w, https:\/\/birkheim-ischgl.at\/wp-content\/uploads\/2024\/04\/Birkheim_Apartments_ISchgl-Fruehstueck-063-200x300.jpg 200w\" sizes=\"(max-width: 400px) 100vw, 400px\" \/>\t\t\t\t\t\t\t\t\t\t\t\t\t\t\t<\/div>\n\t\t\t\t<\/div>\n\t\t\t\t<\/div>\n\t\t<div class=\"elementor-element elementor-element-d44ed2a e-con-full e-flex e-con e-child\" data-id=\"d44ed2a\" data-element_type=\"container\" data-e-type=\"container\">\n\t\t<div class=\"elementor-element elementor-element-63cb332 e-con-full e-flex e-con e-child\" data-id=\"63cb332\" data-element_type=\"container\" data-e-type=\"container\">\n\t\t\t\t<div class=\"elementor-element elementor-element-824d358 elementor-widget elementor-widget-image\" data-id=\"824d358\" data-element_type=\"widget\" data-e-type=\"widget\" data-widget_type=\"image.default\">\n\t\t\t\t<div class=\"elementor-widget-container\">\n\t\t\t\t\t\t\t\t\t\t\t\t\t\t\t<img loading=\"lazy\" decoding=\"async\" width=\"600\" height=\"400\" src=\"https:\/\/birkheim-ischgl.at\/wp-content\/uploads\/2024\/04\/Birkheim_Apartments_ISchgl-Fruehstueck-075.jpg\" class=\"attachment-full size-full wp-image-1096\" alt=\"\" srcset=\"https:\/\/birkheim-ischgl.at\/wp-content\/uploads\/2024\/04\/Birkheim_Apartments_ISchgl-Fruehstueck-075.jpg 600w, https:\/\/birkheim-ischgl.at\/wp-content\/uploads\/2024\/04\/Birkheim_Apartments_ISchgl-Fruehstueck-075-300x200.jpg 300w\" sizes=\"(max-width: 600px) 100vw, 600px\" \/>\t\t\t\t\t\t\t\t\t\t\t\t\t\t\t<\/div>\n\t\t\t\t<\/div>\n\t\t\t\t<div class=\"elementor-element elementor-element-7074fcf elementor-widget elementor-widget-image\" data-id=\"7074fcf\" data-element_type=\"widget\" data-e-type=\"widget\" data-widget_type=\"image.default\">\n\t\t\t\t<div class=\"elementor-widget-container\">\n\t\t\t\t\t\t\t\t\t\t\t\t\t\t\t<img loading=\"lazy\" decoding=\"async\" width=\"600\" height=\"400\" src=\"https:\/\/birkheim-ischgl.at\/wp-content\/uploads\/2024\/04\/Birkheim_Apartments_ISchgl-Fruehstueck-076.jpg\" class=\"attachment-full size-full wp-image-1097\" alt=\"\" srcset=\"https:\/\/birkheim-ischgl.at\/wp-content\/uploads\/2024\/04\/Birkheim_Apartments_ISchgl-Fruehstueck-076.jpg 600w, https:\/\/birkheim-ischgl.at\/wp-content\/uploads\/2024\/04\/Birkheim_Apartments_ISchgl-Fruehstueck-076-300x200.jpg 300w\" sizes=\"(max-width: 600px) 100vw, 600px\" \/>\t\t\t\t\t\t\t\t\t\t\t\t\t\t\t<\/div>\n\t\t\t\t<\/div>\n\t\t\t\t<\/div>\n\t\t\t\t<\/div>\n\t\t<div class=\"elementor-element elementor-element-8670e67 e-con-full elementor-hidden-mobile e-flex e-con e-child\" data-id=\"8670e67\" data-element_type=\"container\" data-e-type=\"container\">\n\t\t\t\t<div class=\"elementor-element elementor-element-2412a8e elementor-widget elementor-widget-image\" data-id=\"2412a8e\" data-element_type=\"widget\" data-e-type=\"widget\" data-widget_type=\"image.default\">\n\t\t\t\t<div class=\"elementor-widget-container\">\n\t\t\t\t\t\t\t\t\t\t\t\t\t\t\t<img loading=\"lazy\" decoding=\"async\" width=\"400\" height=\"600\" src=\"https:\/\/birkheim-ischgl.at\/wp-content\/uploads\/2024\/04\/Birkheim_Apartments_Fruehstueck_005.jpg\" class=\"attachment-full size-full wp-image-1094\" alt=\"\" srcset=\"https:\/\/birkheim-ischgl.at\/wp-content\/uploads\/2024\/04\/Birkheim_Apartments_Fruehstueck_005.jpg 400w, https:\/\/birkheim-ischgl.at\/wp-content\/uploads\/2024\/04\/Birkheim_Apartments_Fruehstueck_005-200x300.jpg 200w\" sizes=\"(max-width: 400px) 100vw, 400px\" \/>\t\t\t\t\t\t\t\t\t\t\t\t\t\t\t<\/div>\n\t\t\t\t<\/div>\n\t\t\t\t<\/div>\n\t\t\t\t\t<\/div>\n\t\t\t\t<\/div>\n\t\t\t\t<\/div>\n\t\t<div class=\"elementor-element elementor-element-282b7e8 e-flex e-con-boxed e-con e-child\" data-id=\"282b7e8\" data-element_type=\"container\" data-e-type=\"container\">\n\t\t\t\t\t<div class=\"e-con-inner\">\n\t\t<div class=\"elementor-element elementor-element-d428354 e-con-full e-flex e-con e-child\" data-id=\"d428354\" data-element_type=\"container\" data-e-type=\"container\">\n\t\t\t\t<div class=\"elementor-element elementor-element-33ccdbe elementor-widget elementor-widget-heading\" data-id=\"33ccdbe\" data-element_type=\"widget\" data-e-type=\"widget\" data-widget_type=\"heading.default\">\n\t\t\t\t<div class=\"elementor-widget-container\">\n\t\t\t\t\t<h2 class=\"elementor-heading-title elementor-size-default\">Active vacation in Tyrol <\/h2>\t\t\t\t<\/div>\n\t\t\t\t<\/div>\n\t\t\t\t<div class=\"elementor-element elementor-element-d5c25aa deeplinks-dunkel elementor-widget elementor-widget-text-editor\" data-id=\"d5c25aa\" data-element_type=\"widget\" data-e-type=\"widget\" data-widget_type=\"text-editor.default\">\n\t\t\t\t<div class=\"elementor-widget-container\">\n\t\t\t\t\t\t\t\t\t<p>Paznaun and Ischgl in particular are dream destinations for active vacationers, both in the perfectly <a href=\"https:\/\/birkheim-ischgl.at\/en\/winter\/\"><strong>snow-covered winter season<\/strong><\/a> and in the <a href=\"https:\/\/birkheim-ischgl.at\/en\/summer\/\"><strong>flourishing summer season<\/strong><\/a>. Winter here means skiing and snowboarding on first-class slopes, complemented by fun-filled winter hikes, cross-country skiing, and tobogganing.<\/p>\n<p>As soon as the snow melts, summer unveils its splendor; the perfect time to explore countless hiking trails, mountain bike routes, and climbing adventures in Tyrol\u2019s impressive mountain scenery. <strong>Ischgl<\/strong> also offers perfect conditions all year round for anyone who wants to be active in the great outdoors.<\/p>\n\t\t\t\t\t\t\t\t<\/div>\n\t\t\t\t<\/div>\n\t\t<div class=\"elementor-element elementor-element-b34763c e-con-full e-flex e-con e-child\" data-id=\"b34763c\" data-element_type=\"container\" data-e-type=\"container\">\n\t\t\t\t<div class=\"elementor-element elementor-element-4a3c48d buttoneffekt elementor-align-left animated-slow elementor-invisible elementor-widget elementor-widget-button\" data-id=\"4a3c48d\" data-element_type=\"widget\" data-e-type=\"widget\" data-settings=\"{&quot;_animation&quot;:&quot;fadeInUp&quot;,&quot;_animation_delay&quot;:500}\" data-widget_type=\"button.default\">\n\t\t\t\t<div class=\"elementor-widget-container\">\n\t\t\t\t\t\t\t\t\t<div class=\"elementor-button-wrapper\">\n\t\t\t\t\t<a class=\"elementor-button elementor-button-link elementor-size-sm\" href=\"https:\/\/birkheim-ischgl.at\/en\/summer\/\">\n\t\t\t\t\t\t<span class=\"elementor-button-content-wrapper\">\n\t\t\t\t\t\t\t\t\t<span class=\"elementor-button-text\">Summer<\/span>\n\t\t\t\t\t<\/span>\n\t\t\t\t\t<\/a>\n\t\t\t\t<\/div>\n\t\t\t\t\t\t\t\t<\/div>\n\t\t\t\t<\/div>\n\t\t\t\t<div class=\"elementor-element elementor-element-47bbcd6 buttoneffekt elementor-align-left animated-slow elementor-invisible elementor-widget elementor-widget-button\" data-id=\"47bbcd6\" data-element_type=\"widget\" data-e-type=\"widget\" data-settings=\"{&quot;_animation&quot;:&quot;fadeInUp&quot;,&quot;_animation_delay&quot;:800}\" data-widget_type=\"button.default\">\n\t\t\t\t<div class=\"elementor-widget-container\">\n\t\t\t\t\t\t\t\t\t<div class=\"elementor-button-wrapper\">\n\t\t\t\t\t<a class=\"elementor-button elementor-button-link elementor-size-sm\" href=\"https:\/\/birkheim-ischgl.at\/en\/winter\/\">\n\t\t\t\t\t\t<span class=\"elementor-button-content-wrapper\">\n\t\t\t\t\t\t\t\t\t<span class=\"elementor-button-text\">Winter<\/span>\n\t\t\t\t\t<\/span>\n\t\t\t\t\t<\/a>\n\t\t\t\t<\/div>\n\t\t\t\t\t\t\t\t<\/div>\n\t\t\t\t<\/div>\n\t\t\t\t<div class=\"elementor-element elementor-element-b54c192 buttoneffekt elementor-align-left animated-slow elementor-invisible elementor-widget elementor-widget-button\" data-id=\"b54c192\" data-element_type=\"widget\" data-e-type=\"widget\" data-settings=\"{&quot;_animation&quot;:&quot;fadeInUp&quot;,&quot;_animation_delay&quot;:1100}\" data-widget_type=\"button.default\">\n\t\t\t\t<div class=\"elementor-widget-container\">\n\t\t\t\t\t\t\t\t\t<div class=\"elementor-button-wrapper\">\n\t\t\t\t\t<a class=\"elementor-button elementor-button-link elementor-size-sm\" href=\"https:\/\/www.silvrettatherme.at\/en\" target=\"_blank\">\n\t\t\t\t\t\t<span class=\"elementor-button-content-wrapper\">\n\t\t\t\t\t\t\t\t\t<span class=\"elementor-button-text\">Silvretta Therme<\/span>\n\t\t\t\t\t<\/span>\n\t\t\t\t\t<\/a>\n\t\t\t\t<\/div>\n\t\t\t\t\t\t\t\t<\/div>\n\t\t\t\t<\/div>\n\t\t\t\t<\/div>\n\t\t\t\t<\/div>\n\t\t<div class=\"elementor-element elementor-element-beb4714 e-con-full e-flex e-con e-child\" data-id=\"beb4714\" data-element_type=\"container\" data-e-type=\"container\">\n\t\t\t\t<div class=\"elementor-element elementor-element-44ed48a elementor-widget elementor-widget-image\" data-id=\"44ed48a\" data-element_type=\"widget\" data-e-type=\"widget\" data-widget_type=\"image.default\">\n\t\t\t\t<div class=\"elementor-widget-container\">\n\t\t\t\t\t\t\t\t\t\t\t\t\t\t\t<img loading=\"lazy\" decoding=\"async\" width=\"600\" height=\"900\" src=\"https:\/\/birkheim-ischgl.at\/wp-content\/uploads\/2024\/04\/Klettern-Aktivurlaub-Ischgl-Birkheim-900x600-1.jpg\" class=\"attachment-full size-full wp-image-1101\" alt=\"\" srcset=\"https:\/\/birkheim-ischgl.at\/wp-content\/uploads\/2024\/04\/Klettern-Aktivurlaub-Ischgl-Birkheim-900x600-1.jpg 600w, https:\/\/birkheim-ischgl.at\/wp-content\/uploads\/2024\/04\/Klettern-Aktivurlaub-Ischgl-Birkheim-900x600-1-200x300.jpg 200w\" sizes=\"(max-width: 600px) 100vw, 600px\" \/>\t\t\t\t\t\t\t\t\t\t\t\t\t\t\t<\/div>\n\t\t\t\t<\/div>\n\t\t\t\t<div class=\"elementor-element elementor-element-a9a863d elementor-widget__width-auto elementor-absolute animated-slow elementor-invisible elementor-widget elementor-widget-image\" data-id=\"a9a863d\" data-element_type=\"widget\" data-e-type=\"widget\" data-settings=\"{&quot;_position&quot;:&quot;absolute&quot;,&quot;_animation&quot;:&quot;fadeIn&quot;}\" data-widget_type=\"image.default\">\n\t\t\t\t<div class=\"elementor-widget-container\">\n\t\t\t\t\t\t\t\t\t\t\t\t\t\t\t<img loading=\"lazy\" decoding=\"async\" width=\"289\" height=\"289\" src=\"https:\/\/birkheim-ischgl.at\/wp-content\/uploads\/2024\/07\/Birkheim-Ischgl-SilvrettaCardPremium-EN-1.png\" class=\"attachment-large size-large wp-image-1103\" alt=\"\" srcset=\"https:\/\/birkheim-ischgl.at\/wp-content\/uploads\/2024\/07\/Birkheim-Ischgl-SilvrettaCardPremium-EN-1.png 289w, https:\/\/birkheim-ischgl.at\/wp-content\/uploads\/2024\/07\/Birkheim-Ischgl-SilvrettaCardPremium-EN-1-150x150.png 150w\" sizes=\"(max-width: 289px) 100vw, 289px\" \/>\t\t\t\t\t\t\t\t\t\t\t\t\t\t\t<\/div>\n\t\t\t\t<\/div>\n\t\t\t\t<\/div>\n\t\t\t\t\t<\/div>\n\t\t\t\t<\/div>\n\t\t\t\t<\/div>\n\t\t<div class=\"elementor-element elementor-element-e80276a e-flex e-con-boxed e-con e-parent\" data-id=\"e80276a\" data-element_type=\"container\" data-e-type=\"container\">\n\t\t\t\t\t<div class=\"e-con-inner\">\n\t\t<div class=\"elementor-element elementor-element-d42bfaa e-flex e-con-boxed e-con e-child\" data-id=\"d42bfaa\" data-element_type=\"container\" data-e-type=\"container\">\n\t\t\t\t\t<div class=\"e-con-inner\">\n\t\t\t\t<div class=\"elementor-element elementor-element-3866674 elementor-widget elementor-widget-heading\" data-id=\"3866674\" data-element_type=\"widget\" data-e-type=\"widget\" data-widget_type=\"heading.default\">\n\t\t\t\t<div class=\"elementor-widget-container\">\n\t\t\t\t\t<h2 class=\"elementor-heading-title elementor-size-default\">Reviews<\/h2>\t\t\t\t<\/div>\n\t\t\t\t<\/div>\n\t\t\t\t<div class=\"elementor-element elementor-element-7d408e6 deeplinks-dunkel elementor-widget elementor-widget-text-editor\" data-id=\"7d408e6\" data-element_type=\"widget\" data-e-type=\"widget\" data-widget_type=\"text-editor.default\">\n\t\t\t\t<div class=\"elementor-widget-container\">\n\t\t\t\t\t\t\t\t\t<p>Discover what other guests have to say about their stay at the Birkheim.<br \/>We welcome all feedback.<\/p>\n\t\t\t\t\t\t\t\t<\/div>\n\t\t\t\t<\/div>\n\t\t\t\t\t<\/div>\n\t\t\t\t<\/div>\n\t\t\t\t<div class=\"elementor-element elementor-element-738f626 elementor-widget elementor-widget-shortcode\" data-id=\"738f626\" data-element_type=\"widget\" data-e-type=\"widget\" data-widget_type=\"shortcode.default\">\n\t\t\t\t<div class=\"elementor-widget-container\">\n\t\t\t\t\t\t\t<div class=\"elementor-shortcode\"><div class=\"wprevpro-shortcode-wrapper\"><div class=\"wprevpro wprev-slick-slider \" id=\"wprev-slider-1\"><div id=\"wprevgoslickid_1\"  style=\"display:none;\" class=\"wprevgoslick w3_wprs-row\" data-avatartemplate=\"0\" data-totalreviewsnum=\"12\" data-revsperrow=\"3\" data-wprevmasonry=\"no\" data-loadmore=\"no\" data-avatarnav=\"no\" data-revsameheight=\"yes\" data-slickwprev='{\"slidesToShow\": 3,\"slidesToScroll\": 3,\"dots\": false,\"arrows\": true,\"infinite\": true,\"speed\": 750,\"adaptiveHeight\": false,\"centerMode\": false,\"fade\":false,\"centerPadding\": \"60px\", \"rows\":1}'><div class=\" wprevpro_t2_DIV_1 w3_wprs-col l4 outerrevdiv\">\r\n<div class=\"wpproslider_t2_DIV_1a\">\r\n\t<div class=\"wpproslider_t2_DIV_2 wprev_preview_bg1_T2 wprev_preview_bradius_T2\">\r\n\t<div class=\"wpproslider_t2_avatar\"><\/div>\r\n\t<div class=\"indrevdiv wpproslider_t2_DIV_3\">\r\n\t\t<div class=\"indrevtxt wpproslider_t2_P_4 wprev_preview_tcolor1_T2\"><div class='indrevtextscroll' data-ahover='' data-lines='4' data-revid='100'>\t\t\t<span class=\"wprevpro_star_imgs_T2\"><span class=\"starloc1 wprevpro_star_imgs wprevpro_star_imgsloc1\"><span class=\"svgicons svg-wprsp-star\"><\/span><span class=\"svgicons svg-wprsp-star\"><\/span><span class=\"svgicons svg-wprsp-star\"><\/span><span class=\"svgicons svg-wprsp-star\"><\/span><span class=\"svgicons svg-wprsp-star\"><\/span><\/span><\/span>\t\t\tWaren hier mit einer 6er Gruppe zum Skiurlaub. Unterkunft ist super, das Appartment TOP2 bot auch genug M\u00f6glichkeiten um gutes Fr\u00fchst\u00fcck zu machen oder sich Mal Nudeln zu kochen. F\u00fcr 8 Personen w\u00e4re aber m.E. etwas zu wenig Stauraum.Alles andere super, Depotzugang usw. hat alles reibungslos funktioniert. Ich w\u00fcrde definitiv wieder kommen!\t\t\t<\/div>\t\t<\/div>\r\n\t\t<strong class=\"wpproslider_t2_STRONG_5 wprev_preview_tcolor2_T2\">Robert Lange<\/strong>\r\n\t\t<span class=\"wpproslider_t2_SPAN_6 wprev_preview_tcolor2_T2\">\t\t<span class=\"wprev_showdate_T2\">05\/03\/26<\/span><\/span>\r\n\t\t\t\t\t\t\t\t\t\t\r\n\t<\/div>\r\n\r\n\t\r\n\t<\/div>\r\n<\/div>\r\n<\/div>\r\n<div class=\" wprevpro_t2_DIV_1 w3_wprs-col l4 outerrevdiv\">\r\n<div class=\"wpproslider_t2_DIV_1a\">\r\n\t<div class=\"wpproslider_t2_DIV_2 wprev_preview_bg1_T2 wprev_preview_bradius_T2\">\r\n\t<div class=\"wpproslider_t2_avatar\"><\/div>\r\n\t<div class=\"indrevdiv wpproslider_t2_DIV_3\">\r\n\t\t<div class=\"indrevtxt wpproslider_t2_P_4 wprev_preview_tcolor1_T2\"><div class='indrevtextscroll' data-ahover='' data-lines='4' data-revid='92'>\t\t\t<span class=\"wprevpro_star_imgs_T2\"><span class=\"starloc1 wprevpro_star_imgs wprevpro_star_imgsloc1\"><span class=\"svgicons svg-wprsp-star\"><\/span><span class=\"svgicons svg-wprsp-star\"><\/span><span class=\"svgicons svg-wprsp-star\"><\/span><span class=\"svgicons svg-wprsp-star\"><\/span><span class=\"svgicons svg-wprsp-star\"><\/span><\/span><\/span>\t\t\tWir waren das erste Mal in ischgl und haben mit dem.birkheim auch unsere Unterkunft f\u00fcr die n\u00e4chsten Jahre gefunden .Das kleine Familienunternehmen ist super freundlich und hilfsbereit. Das Fr\u00fchst\u00fcck ist einfach nur spitze!!!! Es gibt alles was man f\u00fcr einen guten Start in den Tag braucht.Unser Zimmer war sehr sauber und aufger\u00e4umt, TOP !!!!! Alles in allem eine super Unterkunft die man nur mit 5 Sternen bewerten kann und wir sie immer weiter empfehlen w\u00fcrdenBis zum n\u00e4chsten Jahr ihre Familie schaab\t\t\t<\/div>\t\t<\/div>\r\n\t\t<strong class=\"wpproslider_t2_STRONG_5 wprev_preview_tcolor2_T2\">Odenwaldborusse87<\/strong>\r\n\t\t<span class=\"wpproslider_t2_SPAN_6 wprev_preview_tcolor2_T2\">\t\t<span class=\"wprev_showdate_T2\">25\/04\/25<\/span><\/span>\r\n\t\t\t\t\t\t\t\t\t\t\r\n\t<\/div>\r\n\r\n\t\r\n\t<\/div>\r\n<\/div>\r\n<\/div>\r\n<div class=\" wprevpro_t2_DIV_1 w3_wprs-col l4 outerrevdiv\">\r\n<div class=\"wpproslider_t2_DIV_1a\">\r\n\t<div class=\"wpproslider_t2_DIV_2 wprev_preview_bg1_T2 wprev_preview_bradius_T2\">\r\n\t<div class=\"wpproslider_t2_avatar\"><\/div>\r\n\t<div class=\"indrevdiv wpproslider_t2_DIV_3\">\r\n\t\t<div class=\"indrevtxt wpproslider_t2_P_4 wprev_preview_tcolor1_T2\"><div class='indrevtextscroll' data-ahover='' data-lines='4' data-revid='93'>\t\t\t<span class=\"wprevpro_star_imgs_T2\"><span class=\"starloc1 wprevpro_star_imgs wprevpro_star_imgsloc1\"><span class=\"svgicons svg-wprsp-star\"><\/span><span class=\"svgicons svg-wprsp-star\"><\/span><span class=\"svgicons svg-wprsp-star\"><\/span><span class=\"svgicons svg-wprsp-star\"><\/span><span class=\"svgicons svg-wprsp-star\"><\/span><\/span><\/span>\t\t\tEs war einfach alles super. Vor allem aber die herzliche und freundliche Art der Gasgeber fanden wir sehr toll. Wir kommen sehr gerne wieder.\t\t\t<\/div>\t\t<\/div>\r\n\t\t<strong class=\"wpproslider_t2_STRONG_5 wprev_preview_tcolor2_T2\">Markus<\/strong>\r\n\t\t<span class=\"wpproslider_t2_SPAN_6 wprev_preview_tcolor2_T2\">\t\t<span class=\"wprev_showdate_T2\">25\/04\/25<\/span><\/span>\r\n\t\t\t\t\t\t\t\t\t\t\r\n\t<\/div>\r\n\r\n\t\r\n\t<\/div>\r\n<\/div>\r\n<\/div>\r\n<div class=\" wprevpro_t2_DIV_1 w3_wprs-col l4 outerrevdiv\">\r\n<div class=\"wpproslider_t2_DIV_1a\">\r\n\t<div class=\"wpproslider_t2_DIV_2 wprev_preview_bg1_T2 wprev_preview_bradius_T2\">\r\n\t<div class=\"wpproslider_t2_avatar\"><\/div>\r\n\t<div class=\"indrevdiv wpproslider_t2_DIV_3\">\r\n\t\t<div class=\"indrevtxt wpproslider_t2_P_4 wprev_preview_tcolor1_T2\"><div class='indrevtextscroll' data-ahover='' data-lines='4' data-revid='89'>\t\t\t<span class=\"wprevpro_star_imgs_T2\"><span class=\"starloc1 wprevpro_star_imgs wprevpro_star_imgsloc1\"><span class=\"svgicons svg-wprsp-star\"><\/span><span class=\"svgicons svg-wprsp-star\"><\/span><span class=\"svgicons svg-wprsp-star\"><\/span><span class=\"svgicons svg-wprsp-star\"><\/span><span class=\"svgicons svg-wprsp-star-o\"><\/span><\/span><\/span>\t\t\t<span class=\"wprevpro_t2_DIV_title\">Obiekt Birkheim - godny polecenia <\/span>\ud83d\ude00 - Mieli\u015bmy zarezerwowane dwa pokoje, jeden by\u0142 przed remontem, a drugi ju\u017c po nim. Ten po remoncie by\u0142 jasny, zadbany, posiada\u0142 wszelkie mo\u017cliwe udogodnienia - po prostu nowy. \u0141azienka by\u0142a jasna i mia\u0142a wszystko co mog\u0142oby si\u0119 w niej przyda\u0107. Pok\u00f3j mia\u0142 balkon. Drugi pok\u00f3j, r\u00f3wnie\u017c z balkonem, prosi o remont - i z tego co nam powiedziano b\u0119dzie za nied\u0142ugo. By\u0142o w nim po prostu ciemno, wyk\u0142adzina r\u00f3wnie\u017c nie by\u0142a najnowsza, zapach w pokoju by\u0142 zapewne zwi\u0105zany z czasem u\u017cytkowania. Ale gospodarze bardzo dbali o wszelkie szczeg\u00f3\u0142y i nie mo\u017cemy narzeka\u0107. \u015aniadania by\u0142y wystarczaj\u0105ce, w\u0142a\u015bcicielka uczy\u0142a nas m\u00f3wi\u0107 po niemiecku i zamawia\u0107 u niej na ciep\u0142o jajecznic\u0119, jajka sadzone lub po prostu gotowane na mi\u0119kko. Do wyboru do koloru. Gospodarze daj\u0105 mo\u017cliwo\u015b\u0107 - za dodatkow\u0105 op\u0142at\u0105 - na\u0142adowania auta elektrycznego. Na narty do Ischgl je\u017adzili\u015bmy darmowym autobusem z przystanku, kt\u00f3ry jest tu\u017c obok (ok. 1 min od obiektu Birkheim)- to by\u0142a wielka przyjemno\u015b\u0107 - szczeg\u00f3lnie z jednym kierowc\u0105, kt\u00f3ry mia\u0142 niez\u0142y ubaw z pasa\u017cer\u00f3w (szczeg\u00f3lnie na zakr\u0119tach) - wszyscy w autobusie od razu mieli lepszy pocz\u0105tek dnia \ud83d\ude09 Warto doda\u0107, \u017ce w\u0142a\u015bciciele wystawiaj\u0105 specjaln\u0105 kart\u0119 \"mieszka\u0144ca\" Ischgl, dzi\u0119ki czemu mo\u017cna uzyska\u0107 zni\u017ck\u0119 przy zakupie karnetu oraz szafki na sprz\u0119t narciarki w strefie VIP. Szafki s\u0105 przystosowane do pozostawienia w nich kask\u00f3w, but\u00f3w i r\u0119kawiczek. Jedna szafka na dwie osoby. Nast\u0119pnego dnia wszystko by\u0142o suche \ud83d\ude09 Uwa\u017camy pobyt za bardzo udany i godny polecenia. \ud83d\ude1e - Niestety nie by\u0142o opcji kolacji i nic w tym z\u0142ego, poniewa\u017c takiego lokalu szukali\u015bmy ale niestety w okolicy te\u017c nie by\u0142o miejsca gdzie - na nogach - mo\u017cna by\u0142oby podej\u015b\u0107 i zje\u015b\u0107 co\u015b ciep\u0142ego. Pozostawa\u0142 tylko samoch\u00f3d lub obiado-kolacja w Ischgl przed powrotem do apartamentu.\t\t\t<\/div>\t\t<\/div>\r\n\t\t<strong class=\"wpproslider_t2_STRONG_5 wprev_preview_tcolor2_T2\">M<\/strong>\r\n\t\t<span class=\"wpproslider_t2_SPAN_6 wprev_preview_tcolor2_T2\">\t\t<span class=\"wprev_showdate_T2\">07\/04\/25<\/span><\/span>\r\n\t\t\t\t\t\t\t\t\t\t\r\n\t<\/div>\r\n\r\n\t\r\n\t<\/div>\r\n<\/div>\r\n<\/div>\r\n<div class=\" wprevpro_t2_DIV_1 w3_wprs-col l4 outerrevdiv\">\r\n<div class=\"wpproslider_t2_DIV_1a\">\r\n\t<div class=\"wpproslider_t2_DIV_2 wprev_preview_bg1_T2 wprev_preview_bradius_T2\">\r\n\t<div class=\"wpproslider_t2_avatar\"><\/div>\r\n\t<div class=\"indrevdiv wpproslider_t2_DIV_3\">\r\n\t\t<div class=\"indrevtxt wpproslider_t2_P_4 wprev_preview_tcolor1_T2\"><div class='indrevtextscroll' data-ahover='' data-lines='4' data-revid='88'>\t\t\t<span class=\"wprevpro_star_imgs_T2\"><span class=\"starloc1 wprevpro_star_imgs wprevpro_star_imgsloc1\"><span class=\"svgicons svg-wprsp-star\"><\/span><span class=\"svgicons svg-wprsp-star\"><\/span><span class=\"svgicons svg-wprsp-star\"><\/span><span class=\"svgicons svg-wprsp-star\"><\/span><span class=\"svgicons svg-wprsp-star\"><\/span><\/span><\/span>\t\t\tSehr freundliche Top Ausgestattete Pension!!Fr\u00fchst\u00fcck war der Hammer!Und von der Piste ist man auch nicht weit Weg\u2026 Bushaltestelle direkt danebenKommen sicher bald wieder bei euch vorbei..\ud83d\udc4d\ud83c\udffb\t\t\t<\/div>\t\t<\/div>\r\n\t\t<strong class=\"wpproslider_t2_STRONG_5 wprev_preview_tcolor2_T2\">Peter Santer<\/strong>\r\n\t\t<span class=\"wpproslider_t2_SPAN_6 wprev_preview_tcolor2_T2\">\t\t<span class=\"wprev_showdate_T2\">27\/03\/25<\/span><\/span>\r\n\t\t\t\t\t\t\t\t\t\t\r\n\t<\/div>\r\n\r\n\t\r\n\t<\/div>\r\n<\/div>\r\n<\/div>\r\n<div class=\" wprevpro_t2_DIV_1 w3_wprs-col l4 outerrevdiv\">\r\n<div class=\"wpproslider_t2_DIV_1a\">\r\n\t<div class=\"wpproslider_t2_DIV_2 wprev_preview_bg1_T2 wprev_preview_bradius_T2\">\r\n\t<div class=\"wpproslider_t2_avatar\"><\/div>\r\n\t<div class=\"indrevdiv wpproslider_t2_DIV_3\">\r\n\t\t<div class=\"indrevtxt wpproslider_t2_P_4 wprev_preview_tcolor1_T2\"><div class='indrevtextscroll' data-ahover='' data-lines='4' data-revid='85'>\t\t\t<span class=\"wprevpro_star_imgs_T2\"><span class=\"starloc1 wprevpro_star_imgs wprevpro_star_imgsloc1\"><span class=\"svgicons svg-wprsp-star\"><\/span><span class=\"svgicons svg-wprsp-star\"><\/span><span class=\"svgicons svg-wprsp-star\"><\/span><span class=\"svgicons svg-wprsp-star\"><\/span><span class=\"svgicons svg-wprsp-star-o\"><\/span><\/span><\/span>\t\t\t<span class=\"wprevpro_t2_DIV_title\">Prima prijs kwaliteit verhouding. <\/span>\ud83d\ude00 - Zeer vriendelijke en servicegerichte mensen. Goed verzorgd ontbijt. \ud83d\ude1e - Er was geen lift.\t\t\t<\/div>\t\t<\/div>\r\n\t\t<strong class=\"wpproslider_t2_STRONG_5 wprev_preview_tcolor2_T2\">Miriam<\/strong>\r\n\t\t<span class=\"wpproslider_t2_SPAN_6 wprev_preview_tcolor2_T2\">\t\t<span class=\"wprev_showdate_T2\">07\/03\/25<\/span><\/span>\r\n\t\t\t\t\t\t\t\t\t\t\r\n\t<\/div>\r\n\r\n\t\r\n\t<\/div>\r\n<\/div>\r\n<\/div>\r\n<div class=\" wprevpro_t2_DIV_1 w3_wprs-col l4 outerrevdiv\">\r\n<div class=\"wpproslider_t2_DIV_1a\">\r\n\t<div class=\"wpproslider_t2_DIV_2 wprev_preview_bg1_T2 wprev_preview_bradius_T2\">\r\n\t<div class=\"wpproslider_t2_avatar\"><\/div>\r\n\t<div class=\"indrevdiv wpproslider_t2_DIV_3\">\r\n\t\t<div class=\"indrevtxt wpproslider_t2_P_4 wprev_preview_tcolor1_T2\"><div class='indrevtextscroll' data-ahover='' data-lines='4' data-revid='86'>\t\t\t<span class=\"wprevpro_star_imgs_T2\"><span class=\"starloc1 wprevpro_star_imgs wprevpro_star_imgsloc1\"><span class=\"svgicons svg-wprsp-star\"><\/span><span class=\"svgicons svg-wprsp-star\"><\/span><span class=\"svgicons svg-wprsp-star\"><\/span><span class=\"svgicons svg-wprsp-star\"><\/span><span class=\"svgicons svg-wprsp-star-o\"><\/span><\/span><\/span>\t\t\t<span class=\"wprevpro_t2_DIV_title\">data viitoare tot aici ma voi caza in Ischgl <\/span>\ud83d\ude00 - Proprietari foarte prieteno\u0219i. Amplasarea este excelent\u0103, la doar 5 minute cu autobuzul p\u00e2n\u0103 la gondola Pardatschgratbahn, iar cardul inclus asigur\u0103 accesul la un locker la gondola, unde lasam echipamentul peste noapte. Restaurant foarte bun in apropriere. Skibuss-ul pleac\u0103 la fiecare 15-20 minute, iar sta\u021bia se afl\u0103 la doar 2 minute de mers pe jos. \ud83d\ude1e - Personal, a\u0219 fi preferat o saltea pu\u021bin mai moale \u0219i un mic dejun mai diversificat pe zile, cu o selec\u021bie mai bogat\u0103 de legume \u0219i cu o omlet\u0103 preparat\u0103 din dou\u0103 ou\u0103, nu doar unul :). Pe de alta parte a fost exact cat a trebuit, gustos si satios, mai sanatos.\t\t\t<\/div>\t\t<\/div>\r\n\t\t<strong class=\"wpproslider_t2_STRONG_5 wprev_preview_tcolor2_T2\">Caciur<\/strong>\r\n\t\t<span class=\"wpproslider_t2_SPAN_6 wprev_preview_tcolor2_T2\">\t\t<span class=\"wprev_showdate_T2\">24\/02\/25<\/span><\/span>\r\n\t\t\t\t\t\t\t\t\t\t\r\n\t<\/div>\r\n\r\n\t\r\n\t<\/div>\r\n<\/div>\r\n<\/div>\r\n<div class=\" wprevpro_t2_DIV_1 w3_wprs-col l4 outerrevdiv\">\r\n<div class=\"wpproslider_t2_DIV_1a\">\r\n\t<div class=\"wpproslider_t2_DIV_2 wprev_preview_bg1_T2 wprev_preview_bradius_T2\">\r\n\t<div class=\"wpproslider_t2_avatar\"><\/div>\r\n\t<div class=\"indrevdiv wpproslider_t2_DIV_3\">\r\n\t\t<div class=\"indrevtxt wpproslider_t2_P_4 wprev_preview_tcolor1_T2\"><div class='indrevtextscroll' data-ahover='' data-lines='4' data-revid='76'>\t\t\t<span class=\"wprevpro_star_imgs_T2\"><span class=\"starloc1 wprevpro_star_imgs wprevpro_star_imgsloc1\"><span class=\"svgicons svg-wprsp-star\"><\/span><span class=\"svgicons svg-wprsp-star\"><\/span><span class=\"svgicons svg-wprsp-star\"><\/span><span class=\"svgicons svg-wprsp-star\"><\/span><span class=\"svgicons svg-wprsp-star\"><\/span><\/span><\/span>\t\t\t<span class=\"wprevpro_t2_DIV_title\">Tolle Ferien <\/span>\ud83d\ude00 - Sehr gut..wir wurden herzlich empfangen und sehr gut beraten betr Aufenthalt und Umgebung. \ud83d\ude1e - \u2014\t\t\t<\/div>\t\t<\/div>\r\n\t\t<strong class=\"wpproslider_t2_STRONG_5 wprev_preview_tcolor2_T2\">Gabriele<\/strong>\r\n\t\t<span class=\"wpproslider_t2_SPAN_6 wprev_preview_tcolor2_T2\">\t\t<span class=\"wprev_showdate_T2\">16\/02\/25<\/span><\/span>\r\n\t\t\t\t\t\t\t\t\t\t\r\n\t<\/div>\r\n\r\n\t\r\n\t<\/div>\r\n<\/div>\r\n<\/div>\r\n<div class=\" wprevpro_t2_DIV_1 w3_wprs-col l4 outerrevdiv\">\r\n<div class=\"wpproslider_t2_DIV_1a\">\r\n\t<div class=\"wpproslider_t2_DIV_2 wprev_preview_bg1_T2 wprev_preview_bradius_T2\">\r\n\t<div class=\"wpproslider_t2_avatar\"><\/div>\r\n\t<div class=\"indrevdiv wpproslider_t2_DIV_3\">\r\n\t\t<div class=\"indrevtxt wpproslider_t2_P_4 wprev_preview_tcolor1_T2\"><div class='indrevtextscroll' data-ahover='' data-lines='4' data-revid='82'>\t\t\t<span class=\"wprevpro_star_imgs_T2\"><span class=\"starloc1 wprevpro_star_imgs wprevpro_star_imgsloc1\"><span class=\"svgicons svg-wprsp-star\"><\/span><span class=\"svgicons svg-wprsp-star\"><\/span><span class=\"svgicons svg-wprsp-star\"><\/span><span class=\"svgicons svg-wprsp-star\"><\/span><span class=\"svgicons svg-wprsp-star\"><\/span><\/span><\/span>\t\t\t<span class=\"wprevpro_t2_DIV_title\">Idealne miejsce na odpoczynek. <\/span>\ud83d\ude00 - Czysto\u015b\u0107, cisza i smaczne \u015bniadania. \ud83d\ude1e - Nie odnotowa\u0142em\t\t\t<\/div>\t\t<\/div>\r\n\t\t<strong class=\"wpproslider_t2_STRONG_5 wprev_preview_tcolor2_T2\">Artur<\/strong>\r\n\t\t<span class=\"wpproslider_t2_SPAN_6 wprev_preview_tcolor2_T2\">\t\t<span class=\"wprev_showdate_T2\">30\/01\/25<\/span><\/span>\r\n\t\t\t\t\t\t\t\t\t\t\r\n\t<\/div>\r\n\r\n\t\r\n\t<\/div>\r\n<\/div>\r\n<\/div>\r\n<div class=\" wprevpro_t2_DIV_1 w3_wprs-col l4 outerrevdiv\">\r\n<div class=\"wpproslider_t2_DIV_1a\">\r\n\t<div class=\"wpproslider_t2_DIV_2 wprev_preview_bg1_T2 wprev_preview_bradius_T2\">\r\n\t<div class=\"wpproslider_t2_avatar\"><\/div>\r\n\t<div class=\"indrevdiv wpproslider_t2_DIV_3\">\r\n\t\t<div class=\"indrevtxt wpproslider_t2_P_4 wprev_preview_tcolor1_T2\"><div class='indrevtextscroll' data-ahover='' data-lines='4' data-revid='73'>\t\t\t<span class=\"wprevpro_star_imgs_T2\"><span class=\"starloc1 wprevpro_star_imgs wprevpro_star_imgsloc1\"><span class=\"svgicons svg-wprsp-star\"><\/span><span class=\"svgicons svg-wprsp-star\"><\/span><span class=\"svgicons svg-wprsp-star\"><\/span><span class=\"svgicons svg-wprsp-star\"><\/span><span class=\"svgicons svg-wprsp-star\"><\/span><\/span><\/span>\t\t\t<span class=\"wprevpro_t2_DIV_title\">Locatie foarte buna. Vom reveni. <\/span>\ud83d\ude00 - Gazde primitoare si cumsecade. Locatie curata si foarte bine dotata. Ni s-a permis accesul seara, in sala de mese, unde am putut servi mancarea pe care o cumparam de la alimentara. Dulap pentru schiuri, la baza partiei. Aproape de statiile de autobus. \ud83d\ude1e - Se aude totul dintr-o camera in alta si pe hol. Yala magnetica de la intrare, se aude in toate camerele.\t\t\t<\/div>\t\t<\/div>\r\n\t\t<strong class=\"wpproslider_t2_STRONG_5 wprev_preview_tcolor2_T2\">Manolin<\/strong>\r\n\t\t<span class=\"wpproslider_t2_SPAN_6 wprev_preview_tcolor2_T2\">\t\t<span class=\"wprev_showdate_T2\">12\/01\/25<\/span><\/span>\r\n\t\t\t\t\t\t\t\t\t\t\r\n\t<\/div>\r\n\r\n\t\r\n\t<\/div>\r\n<\/div>\r\n<\/div>\r\n<div class=\" wprevpro_t2_DIV_1 w3_wprs-col l4 outerrevdiv\">\r\n<div class=\"wpproslider_t2_DIV_1a\">\r\n\t<div class=\"wpproslider_t2_DIV_2 wprev_preview_bg1_T2 wprev_preview_bradius_T2\">\r\n\t<div class=\"wpproslider_t2_avatar\"><\/div>\r\n\t<div class=\"indrevdiv wpproslider_t2_DIV_3\">\r\n\t\t<div class=\"indrevtxt wpproslider_t2_P_4 wprev_preview_tcolor1_T2\"><div class='indrevtextscroll' data-ahover='' data-lines='4' data-revid='74'>\t\t\t<span class=\"wprevpro_star_imgs_T2\"><span class=\"starloc1 wprevpro_star_imgs wprevpro_star_imgsloc1\"><span class=\"svgicons svg-wprsp-star\"><\/span><span class=\"svgicons svg-wprsp-star\"><\/span><span class=\"svgicons svg-wprsp-star\"><\/span><span class=\"svgicons svg-wprsp-star\"><\/span><span class=\"svgicons svg-wprsp-star\"><\/span><\/span><\/span>\t\t\t<span class=\"wprevpro_t2_DIV_title\">Exceptional <\/span>\ud83d\ude00 - Totul,camera,micul dejun etc \ud83d\ude1e - Un miros neplacut in baie\t\t\t<\/div>\t\t<\/div>\r\n\t\t<strong class=\"wpproslider_t2_STRONG_5 wprev_preview_tcolor2_T2\">Cristina<\/strong>\r\n\t\t<span class=\"wpproslider_t2_SPAN_6 wprev_preview_tcolor2_T2\">\t\t<span class=\"wprev_showdate_T2\">12\/01\/25<\/span><\/span>\r\n\t\t\t\t\t\t\t\t\t\t\r\n\t<\/div>\r\n\r\n\t\r\n\t<\/div>\r\n<\/div>\r\n<\/div>\r\n<div class=\" wprevpro_t2_DIV_1 w3_wprs-col l4 outerrevdiv\">\r\n<div class=\"wpproslider_t2_DIV_1a\">\r\n\t<div class=\"wpproslider_t2_DIV_2 wprev_preview_bg1_T2 wprev_preview_bradius_T2\">\r\n\t<div class=\"wpproslider_t2_avatar\"><\/div>\r\n\t<div class=\"indrevdiv wpproslider_t2_DIV_3\">\r\n\t\t<div class=\"indrevtxt wpproslider_t2_P_4 wprev_preview_tcolor1_T2\"><div class='indrevtextscroll' data-ahover='' data-lines='4' data-revid='66'>\t\t\t<span class=\"wprevpro_star_imgs_T2\"><span class=\"starloc1 wprevpro_star_imgs wprevpro_star_imgsloc1\"><span class=\"svgicons svg-wprsp-star\"><\/span><span class=\"svgicons svg-wprsp-star\"><\/span><span class=\"svgicons svg-wprsp-star\"><\/span><span class=\"svgicons svg-wprsp-star\"><\/span><span class=\"svgicons svg-wprsp-star-half\"><\/span><\/span><\/span>\t\t\t<span class=\"wprevpro_t2_DIV_title\">Fantastisch verblijf tegen goede prijs <\/span>\ud83d\ude00 - Vriendelijk ontvangst Goed ontbijt Schone en ruime kamers Busstop voor de deur \ud83d\ude1e - De bussen rijden vrij onregelmatig, waardoor we soms lang hebben moeten wachten. Hier kan het hotel natuurlijk verder niks aan doen\t\t\t<\/div>\t\t<\/div>\r\n\t\t<strong class=\"wpproslider_t2_STRONG_5 wprev_preview_tcolor2_T2\">Roy<\/strong>\r\n\t\t<span class=\"wpproslider_t2_SPAN_6 wprev_preview_tcolor2_T2\">\t\t<span class=\"wprev_showdate_T2\">21\/12\/24<\/span><\/span>\r\n\t\t\t\t\t\t\t\t\t\t\r\n\t<\/div>\r\n\r\n\t\r\n\t<\/div>\r\n<\/div>\r\n<\/div>\r\n<\/div><\/div><\/div><\/div>\n\t\t\t\t\t\t<\/div>\n\t\t\t\t<\/div>\n\t\t\t\t\t<\/div>\n\t\t\t\t<\/div>\n\t\t\t\t<\/div>\n\t\t","protected":false},"excerpt":{"rendered":"<p>Silvretta Card Premium Included for all guests More info Ski depot inclusive! in the valley station of the Pardatschgratbahn More Info Welcome to Birkheim inIschgl | Paznaun In the heart of Tyrol\u2019s breathtaking mountain landscape, in a quiet location and only 100 m from the ski bus stop, our family-run Birkheim accommodation provides the perfect [&hellip;]<\/p>\n","protected":false},"author":1,"featured_media":0,"parent":0,"menu_order":1,"comment_status":"closed","ping_status":"closed","template":"","meta":{"footnotes":""},"class_list":["post-1237","page","type-page","status-publish","hentry"],"yoast_head":"<!-- This site is optimized with the Yoast SEO plugin v27.5 - https:\/\/yoast.com\/product\/yoast-seo-wordpress\/ -->\n<title>Rooms &amp; apartments in Ischgl<\/title>\n<meta name=\"description\" content=\"In the heart of Tyrol\u2019s breathtaking mountain landscape, in a quiet location, our family-run Birkheim accommodation provides the perfect retreat.\" \/>\n<meta name=\"robots\" content=\"index, follow, max-snippet:-1, max-image-preview:large, max-video-preview:-1\" \/>\n<link rel=\"canonical\" href=\"https:\/\/birkheim-ischgl.at\/en\/\" \/>\n<meta property=\"og:locale\" content=\"en_US\" \/>\n<meta property=\"og:type\" content=\"article\" \/>\n<meta property=\"og:title\" content=\"Rooms &amp; apartments in Ischgl\" \/>\n<meta property=\"og:description\" content=\"In the heart of Tyrol\u2019s breathtaking mountain landscape, in a quiet location, our family-run Birkheim accommodation provides the perfect retreat.\" \/>\n<meta property=\"og:url\" content=\"https:\/\/birkheim-ischgl.at\/en\/\" \/>\n<meta property=\"og:site_name\" content=\"Das Birkheim\" \/>\n<meta property=\"article:modified_time\" content=\"2026-04-28T06:46:45+00:00\" \/>\n<meta property=\"og:image\" content=\"https:\/\/birkheim-ischgl.at\/wp-content\/uploads\/2024\/04\/Birkheim_Apartments_Aussenaufnahmen_004-2000x1333-1-1024x576.jpg\" \/>\n\t<meta property=\"og:image:width\" content=\"1024\" \/>\n\t<meta property=\"og:image:height\" content=\"576\" \/>\n\t<meta property=\"og:image:type\" content=\"image\/jpeg\" \/>\n<meta name=\"twitter:card\" content=\"summary_large_image\" \/>\n<meta name=\"twitter:label1\" content=\"Est. reading time\" \/>\n\t<meta name=\"twitter:data1\" content=\"2 minutes\" \/>\n<script type=\"application\/ld+json\" class=\"yoast-schema-graph\">{\"@context\":\"https:\\\/\\\/schema.org\",\"@graph\":[{\"@type\":\"WebPage\",\"@id\":\"https:\\\/\\\/birkheim-ischgl.at\\\/en\\\/\",\"url\":\"https:\\\/\\\/birkheim-ischgl.at\\\/en\\\/\",\"name\":\"Rooms & apartments in Ischgl\",\"isPartOf\":{\"@id\":\"https:\\\/\\\/birkheim-ischgl.at\\\/en\\\/#website\"},\"primaryImageOfPage\":{\"@id\":\"https:\\\/\\\/birkheim-ischgl.at\\\/en\\\/#primaryimage\"},\"image\":{\"@id\":\"https:\\\/\\\/birkheim-ischgl.at\\\/en\\\/#primaryimage\"},\"thumbnailUrl\":\"https:\\\/\\\/birkheim-ischgl.at\\\/wp-content\\\/uploads\\\/2024\\\/04\\\/Birkheim_Apartments_Aussenaufnahmen_004-2000x1333-1.jpg\",\"datePublished\":\"2024-03-21T15:51:23+00:00\",\"dateModified\":\"2026-04-28T06:46:45+00:00\",\"description\":\"In the heart of Tyrol\u2019s breathtaking mountain landscape, in a quiet location, our family-run Birkheim accommodation provides the perfect retreat.\",\"breadcrumb\":{\"@id\":\"https:\\\/\\\/birkheim-ischgl.at\\\/en\\\/#breadcrumb\"},\"inLanguage\":\"en-US\",\"potentialAction\":[{\"@type\":\"ReadAction\",\"target\":[\"https:\\\/\\\/birkheim-ischgl.at\\\/en\\\/\"]}]},{\"@type\":\"ImageObject\",\"inLanguage\":\"en-US\",\"@id\":\"https:\\\/\\\/birkheim-ischgl.at\\\/en\\\/#primaryimage\",\"url\":\"https:\\\/\\\/birkheim-ischgl.at\\\/wp-content\\\/uploads\\\/2024\\\/04\\\/Birkheim_Apartments_Aussenaufnahmen_004-2000x1333-1.jpg\",\"contentUrl\":\"https:\\\/\\\/birkheim-ischgl.at\\\/wp-content\\\/uploads\\\/2024\\\/04\\\/Birkheim_Apartments_Aussenaufnahmen_004-2000x1333-1.jpg\"},{\"@type\":\"BreadcrumbList\",\"@id\":\"https:\\\/\\\/birkheim-ischgl.at\\\/en\\\/#breadcrumb\",\"itemListElement\":[{\"@type\":\"ListItem\",\"position\":1,\"name\":\"Startseite\",\"item\":\"https:\\\/\\\/birkheim-ischgl.at\\\/en\\\/\"},{\"@type\":\"ListItem\",\"position\":2,\"name\":\"Birkheim Ischgl\"}]},{\"@type\":\"WebSite\",\"@id\":\"https:\\\/\\\/birkheim-ischgl.at\\\/en\\\/#website\",\"url\":\"https:\\\/\\\/birkheim-ischgl.at\\\/en\\\/\",\"name\":\"Das Birkheim\",\"description\":\"Apartments in Ischgl\",\"publisher\":{\"@id\":\"https:\\\/\\\/birkheim-ischgl.at\\\/en\\\/#organization\"},\"potentialAction\":[{\"@type\":\"SearchAction\",\"target\":{\"@type\":\"EntryPoint\",\"urlTemplate\":\"https:\\\/\\\/birkheim-ischgl.at\\\/en\\\/?s={search_term_string}\"},\"query-input\":{\"@type\":\"PropertyValueSpecification\",\"valueRequired\":true,\"valueName\":\"search_term_string\"}}],\"inLanguage\":\"en-US\"},{\"@type\":\"Organization\",\"@id\":\"https:\\\/\\\/birkheim-ischgl.at\\\/en\\\/#organization\",\"name\":\"Das Birkheim\",\"url\":\"https:\\\/\\\/birkheim-ischgl.at\\\/en\\\/\",\"logo\":{\"@type\":\"ImageObject\",\"inLanguage\":\"en-US\",\"@id\":\"https:\\\/\\\/birkheim-ischgl.at\\\/en\\\/#\\\/schema\\\/logo\\\/image\\\/\",\"url\":\"https:\\\/\\\/birkheim-ischgl.at\\\/wp-content\\\/uploads\\\/2024\\\/03\\\/2024_Birkheim_Logo_RGB.png\",\"contentUrl\":\"https:\\\/\\\/birkheim-ischgl.at\\\/wp-content\\\/uploads\\\/2024\\\/03\\\/2024_Birkheim_Logo_RGB.png\",\"width\":1655,\"height\":600,\"caption\":\"Das Birkheim\"},\"image\":{\"@id\":\"https:\\\/\\\/birkheim-ischgl.at\\\/en\\\/#\\\/schema\\\/logo\\\/image\\\/\"}}]}<\/script>\n<!-- \/ Yoast SEO plugin. -->","yoast_head_json":{"title":"Rooms & apartments in Ischgl","description":"In the heart of Tyrol\u2019s breathtaking mountain landscape, in a quiet location, our family-run Birkheim accommodation provides the perfect retreat.","robots":{"index":"index","follow":"follow","max-snippet":"max-snippet:-1","max-image-preview":"max-image-preview:large","max-video-preview":"max-video-preview:-1"},"canonical":"https:\/\/birkheim-ischgl.at\/en\/","og_locale":"en_US","og_type":"article","og_title":"Rooms & apartments in Ischgl","og_description":"In the heart of Tyrol\u2019s breathtaking mountain landscape, in a quiet location, our family-run Birkheim accommodation provides the perfect retreat.","og_url":"https:\/\/birkheim-ischgl.at\/en\/","og_site_name":"Das Birkheim","article_modified_time":"2026-04-28T06:46:45+00:00","og_image":[{"width":1024,"height":576,"url":"https:\/\/birkheim-ischgl.at\/wp-content\/uploads\/2024\/04\/Birkheim_Apartments_Aussenaufnahmen_004-2000x1333-1-1024x576.jpg","type":"image\/jpeg"}],"twitter_card":"summary_large_image","twitter_misc":{"Est. reading time":"2 minutes"},"schema":{"@context":"https:\/\/schema.org","@graph":[{"@type":"WebPage","@id":"https:\/\/birkheim-ischgl.at\/en\/","url":"https:\/\/birkheim-ischgl.at\/en\/","name":"Rooms & apartments in Ischgl","isPartOf":{"@id":"https:\/\/birkheim-ischgl.at\/en\/#website"},"primaryImageOfPage":{"@id":"https:\/\/birkheim-ischgl.at\/en\/#primaryimage"},"image":{"@id":"https:\/\/birkheim-ischgl.at\/en\/#primaryimage"},"thumbnailUrl":"https:\/\/birkheim-ischgl.at\/wp-content\/uploads\/2024\/04\/Birkheim_Apartments_Aussenaufnahmen_004-2000x1333-1.jpg","datePublished":"2024-03-21T15:51:23+00:00","dateModified":"2026-04-28T06:46:45+00:00","description":"In the heart of Tyrol\u2019s breathtaking mountain landscape, in a quiet location, our family-run Birkheim accommodation provides the perfect retreat.","breadcrumb":{"@id":"https:\/\/birkheim-ischgl.at\/en\/#breadcrumb"},"inLanguage":"en-US","potentialAction":[{"@type":"ReadAction","target":["https:\/\/birkheim-ischgl.at\/en\/"]}]},{"@type":"ImageObject","inLanguage":"en-US","@id":"https:\/\/birkheim-ischgl.at\/en\/#primaryimage","url":"https:\/\/birkheim-ischgl.at\/wp-content\/uploads\/2024\/04\/Birkheim_Apartments_Aussenaufnahmen_004-2000x1333-1.jpg","contentUrl":"https:\/\/birkheim-ischgl.at\/wp-content\/uploads\/2024\/04\/Birkheim_Apartments_Aussenaufnahmen_004-2000x1333-1.jpg"},{"@type":"BreadcrumbList","@id":"https:\/\/birkheim-ischgl.at\/en\/#breadcrumb","itemListElement":[{"@type":"ListItem","position":1,"name":"Startseite","item":"https:\/\/birkheim-ischgl.at\/en\/"},{"@type":"ListItem","position":2,"name":"Birkheim Ischgl"}]},{"@type":"WebSite","@id":"https:\/\/birkheim-ischgl.at\/en\/#website","url":"https:\/\/birkheim-ischgl.at\/en\/","name":"Das Birkheim","description":"Apartments in Ischgl","publisher":{"@id":"https:\/\/birkheim-ischgl.at\/en\/#organization"},"potentialAction":[{"@type":"SearchAction","target":{"@type":"EntryPoint","urlTemplate":"https:\/\/birkheim-ischgl.at\/en\/?s={search_term_string}"},"query-input":{"@type":"PropertyValueSpecification","valueRequired":true,"valueName":"search_term_string"}}],"inLanguage":"en-US"},{"@type":"Organization","@id":"https:\/\/birkheim-ischgl.at\/en\/#organization","name":"Das Birkheim","url":"https:\/\/birkheim-ischgl.at\/en\/","logo":{"@type":"ImageObject","inLanguage":"en-US","@id":"https:\/\/birkheim-ischgl.at\/en\/#\/schema\/logo\/image\/","url":"https:\/\/birkheim-ischgl.at\/wp-content\/uploads\/2024\/03\/2024_Birkheim_Logo_RGB.png","contentUrl":"https:\/\/birkheim-ischgl.at\/wp-content\/uploads\/2024\/03\/2024_Birkheim_Logo_RGB.png","width":1655,"height":600,"caption":"Das Birkheim"},"image":{"@id":"https:\/\/birkheim-ischgl.at\/en\/#\/schema\/logo\/image\/"}}]}},"_links":{"self":[{"href":"https:\/\/birkheim-ischgl.at\/en\/wp-json\/wp\/v2\/pages\/1237","targetHints":{"allow":["GET"]}}],"collection":[{"href":"https:\/\/birkheim-ischgl.at\/en\/wp-json\/wp\/v2\/pages"}],"about":[{"href":"https:\/\/birkheim-ischgl.at\/en\/wp-json\/wp\/v2\/types\/page"}],"author":[{"embeddable":true,"href":"https:\/\/birkheim-ischgl.at\/en\/wp-json\/wp\/v2\/users\/1"}],"replies":[{"embeddable":true,"href":"https:\/\/birkheim-ischgl.at\/en\/wp-json\/wp\/v2\/comments?post=1237"}],"version-history":[{"count":23,"href":"https:\/\/birkheim-ischgl.at\/en\/wp-json\/wp\/v2\/pages\/1237\/revisions"}],"predecessor-version":[{"id":1413,"href":"https:\/\/birkheim-ischgl.at\/en\/wp-json\/wp\/v2\/pages\/1237\/revisions\/1413"}],"wp:attachment":[{"href":"https:\/\/birkheim-ischgl.at\/en\/wp-json\/wp\/v2\/media?parent=1237"}],"curies":[{"name":"wp","href":"https:\/\/api.w.org\/{rel}","templated":true}]}}